{"id":15516,"date":"2025-01-10T17:49:16","date_gmt":"2025-01-10T16:49:16","guid":{"rendered":"https:\/\/mastersofrealism.com\/registrieren-sie-sich-fuer-die-belgian-international-art-fair-2025\/"},"modified":"2026-02-23T14:55:51","modified_gmt":"2026-02-23T13:55:51","slug":"registrieren-sie-sich-fuer-die-belgian-international-art-fair-2025","status":"publish","type":"page","link":"https:\/\/mastersofrealism.com\/de\/registrieren-sie-sich-fuer-die-belgian-international-art-fair-2025\/","title":{"rendered":"Registrieren Sie sich f\u00fcr die Belgian International Art Fair 2025"},"content":{"rendered":"\t\t<div data-elementor-type=\"wp-page\" data-elementor-id=\"15516\" class=\"elementor elementor-15516 elementor-10157\" data-elementor-post-type=\"page\">\n\t\t\t\t\t\t<section class=\"elementor-section elementor-top-section elementor-element elementor-element-74c3de8d elementor-section-boxed elementor-section-height-default elementor-section-height-default\" data-id=\"74c3de8d\" data-element_type=\"section\" data-e-type=\"section\" data-settings=\"{&quot;jet_parallax_layout_list&quot;:[{&quot;jet_parallax_layout_image&quot;:{&quot;url&quot;:&quot;&quot;,&quot;id&quot;:&quot;&quot;,&quot;size&quot;:&quot;&quot;},&quot;_id&quot;:&quot;5b6044a&quot;,&quot;jet_parallax_layout_image_tablet&quot;:{&quot;url&quot;:&quot;&quot;,&quot;id&quot;:&quot;&quot;,&quot;size&quot;:&quot;&quot;},&quot;jet_parallax_layout_image_mobile&quot;:{&quot;url&quot;:&quot;&quot;,&quot;id&quot;:&quot;&quot;,&quot;size&quot;:&quot;&quot;},&quot;jet_parallax_layout_speed&quot;:{&quot;unit&quot;:&quot;%&quot;,&quot;size&quot;:50,&quot;sizes&quot;:[]},&quot;jet_parallax_layout_type&quot;:&quot;scroll&quot;,&quot;jet_parallax_layout_direction&quot;:&quot;1&quot;,&quot;jet_parallax_layout_fx_direction&quot;:null,&quot;jet_parallax_layout_z_index&quot;:&quot;&quot;,&quot;jet_parallax_layout_bg_x&quot;:50,&quot;jet_parallax_layout_bg_x_tablet&quot;:&quot;&quot;,&quot;jet_parallax_layout_bg_x_mobile&quot;:&quot;&quot;,&quot;jet_parallax_layout_bg_y&quot;:50,&quot;jet_parallax_layout_bg_y_tablet&quot;:&quot;&quot;,&quot;jet_parallax_layout_bg_y_mobile&quot;:&quot;&quot;,&quot;jet_parallax_layout_bg_size&quot;:&quot;auto&quot;,&quot;jet_parallax_layout_bg_size_tablet&quot;:&quot;&quot;,&quot;jet_parallax_layout_bg_size_mobile&quot;:&quot;&quot;,&quot;jet_parallax_layout_animation_prop&quot;:&quot;transform&quot;,&quot;jet_parallax_layout_on&quot;:[&quot;desktop&quot;,&quot;tablet&quot;]}],&quot;background_background&quot;:&quot;classic&quot;}\">\n\t\t\t\t\t\t<div class=\"elementor-container elementor-column-gap-no\">\n\t\t\t\t\t<div class=\"elementor-column elementor-col-100 elementor-top-column elementor-element elementor-element-33fb6b5\" data-id=\"33fb6b5\" data-element_type=\"column\" data-e-type=\"column\">\n\t\t\t<div class=\"elementor-widget-wrap elementor-element-populated\">\n\t\t\t\t\t\t<div class=\"elementor-element elementor-element-57e0187f elementor-widget elementor-widget-heading\" data-id=\"57e0187f\" data-element_type=\"widget\" data-e-type=\"widget\" data-widget_type=\"heading.default\">\n\t\t\t\t<div class=\"elementor-widget-container\">\n\t\t\t\t\t<h1 class=\"elementor-heading-title elementor-size-default\">Registrieren Sie sich f\u00fcr die Belgian International Art Fair 2025<\/h1>\t\t\t\t<\/div>\n\t\t\t\t<\/div>\n\t\t\t\t\t<\/div>\n\t\t<\/div>\n\t\t\t\t\t<\/div>\n\t\t<\/section>\n\t\t<div class=\"elementor-element elementor-element-16213d0 e-flex e-con-boxed e-con e-parent\" data-id=\"16213d0\" data-element_type=\"container\" data-e-type=\"container\" data-settings=\"{&quot;jet_parallax_layout_list&quot;:[]}\">\n\t\t\t\t\t<div class=\"e-con-inner\">\n\t\t\t\t<div class=\"elementor-element elementor-element-9f8e758 elementor-widget elementor-widget-text-editor\" data-id=\"9f8e758\" data-element_type=\"widget\" data-e-type=\"widget\" data-widget_type=\"text-editor.default\">\n\t\t\t\t<div class=\"elementor-widget-container\">\n\t\t\t\t\t\t\t\t\t<h4><strong>Jedes Jahr haben Sie als <em>Masters of Realism<\/em> die M\u00f6glichkeit, kostenlos mit 1 Meter Wandfl\u00e4che an einer der Kunstmessen teilzunehmen, auf denen die Masters einen Gemeinschaftsstand haben.  <\/strong><\/h4><h4> <\/h4><h4>Dazu geh\u00f6rt im Jahr 2025 die <em>Belgian International Art Fair<\/em> in Antwerpen am 11. und 12. Oktober.  <\/h4><h4>Sie k\u00f6nnen sich daf\u00fcr mit dem untenstehenden Formular anmelden.<\/h4><h4>Wenn Sie sich lieber f\u00fcr die Europe Art Fair in Maastricht (13.-14. September) anmelden m\u00f6chten, <a href=\"https:\/\/mastersofrealism.com\/inschrijven-europe-art-fair-2025\/\" target=\"_blank\" rel=\"noopener\">klicken Sie hier<\/a>.<\/h4>\t\t\t\t\t\t\t\t<\/div>\n\t\t\t\t<\/div>\n\t\t\t\t\t<\/div>\n\t\t\t\t<\/div>\n\t\t<div class=\"elementor-element elementor-element-dcc628b e-flex e-con-boxed e-con e-parent\" data-id=\"dcc628b\" data-element_type=\"container\" data-e-type=\"container\" data-settings=\"{&quot;jet_parallax_layout_list&quot;:[]}\">\n\t\t\t\t\t<div class=\"e-con-inner\">\n\t\t<div class=\"elementor-element elementor-element-2dae0c0 e-con-full e-flex e-con e-child\" data-id=\"2dae0c0\" data-element_type=\"container\" data-e-type=\"container\" data-settings=\"{&quot;jet_parallax_layout_list&quot;:[]}\">\n\t\t\t\t<div class=\"elementor-element elementor-element-2f7830f elementor-widget elementor-widget-text-editor\" data-id=\"2f7830f\" data-element_type=\"widget\" data-e-type=\"widget\" data-widget_type=\"text-editor.default\">\n\t\t\t\t<div class=\"elementor-widget-container\">\n\t\t\t\t\t\t\t\t\t<p>Die Teilnahme ist garantiert, solange der Stand der Masters Platz hat (voll = voll). Die Anmeldung zur Teilnahme ist nur \u00fcber das unten stehende Anmeldeformular m\u00f6glich. Die Teilnahme ist erst nach Best\u00e4tigung der Teilnahme durch die jeweilige Ausstellungsorganisation oder die Organisation von <em>Masters of Realism<\/em> endg\u00fcltig.  <\/p>\t\t\t\t\t\t\t\t<\/div>\n\t\t\t\t<\/div>\n\t\t\t\t<div class=\"elementor-element elementor-element-7ac978b elementor-widget elementor-widget-text-editor\" data-id=\"7ac978b\" data-element_type=\"widget\" data-e-type=\"widget\" data-widget_type=\"text-editor.default\">\n\t\t\t\t<div class=\"elementor-widget-container\">\n\t\t\t\t\t\t\t\t\t<p>Dies sind die Regeln f\u00fcr die Teilnahme pro Meter Wand:<\/p><ul style=\"font-weight: 400;\"><li>1 Meter Wand beinhaltet 1 Strahler und eine Versicherung;<\/li><li>maximal 1 Kunstwerk von 90 cm Breite (einschlie\u00dflich eines Rahmens);<\/li><li>oder maximal zwei Kunstwerke nebeneinander mit einer Gesamtbreite von maximal 80 cm (einschlie\u00dflich Rahmen) (mit etwa 10 cm Abstand dazwischen);<\/li><li>oder maximal zwei Kunstwerke untereinander, jedes mit einer maximalen H\u00f6he von 40 cm und einer Breite von 90 cm (einschlie\u00dflich Rahmen).<\/li><\/ul><p>Die Teilnahme mit einem zus\u00e4tzlichen Meter Wand ist m\u00f6glich (maximal 2 zus\u00e4tzliche Meter). Die zus\u00e4tzliche Ausstellungsfl\u00e4che grenzt an den ersten, freien Meter an.   <\/p><p><strong>Ein zus\u00e4tzlicher Meter kostet \u20ac 155,-<\/strong> (exkl. MwSt.) und <strong>zwei zus\u00e4tzliche Meter kosten \u20ac 295,-<\/strong> (exkl. MwSt.). F\u00fcr jeden zus\u00e4tzlichen Meter Wand gelten die gleichen Regeln wie oben f\u00fcr den ersten Meter Wand aufgef\u00fchrt. <\/p>\t\t\t\t\t\t\t\t<\/div>\n\t\t\t\t<\/div>\n\t\t\t\t<\/div>\n\t\t<div class=\"elementor-element elementor-element-8b7d7b9 e-con-full e-flex e-con e-child\" data-id=\"8b7d7b9\" data-element_type=\"container\" data-e-type=\"container\" data-settings=\"{&quot;jet_parallax_layout_list&quot;:[]}\">\n\t\t\t\t<div class=\"elementor-element elementor-element-4c3fa8e elementor-widget__width-initial elementor-widget elementor-widget-image\" data-id=\"4c3fa8e\" data-element_type=\"widget\" data-e-type=\"widget\" data-widget_type=\"image.default\">\n\t\t\t\t<div class=\"elementor-widget-container\">\n\t\t\t\t\t\t\t\t\t\t\t\t\t\t\t\t<a href=\"https:\/\/europeartfair.nl\/\" target=\"_blank\">\n\t\t\t\t\t\t\t<img fetchpriority=\"high\" decoding=\"async\" width=\"1024\" height=\"686\" src=\"https:\/\/mastersofrealism.com\/wp-content\/uploads\/2024\/12\/BiAF-1024x686.jpg\" class=\"attachment-large size-large wp-image-15712\" alt=\"\" srcset=\"https:\/\/mastersofrealism.com\/wp-content\/uploads\/2024\/12\/BiAF-1024x686.jpg 1024w, https:\/\/mastersofrealism.com\/wp-content\/uploads\/2024\/12\/BiAF-300x201.jpg 300w, https:\/\/mastersofrealism.com\/wp-content\/uploads\/2024\/12\/BiAF-768x514.jpg 768w, https:\/\/mastersofrealism.com\/wp-content\/uploads\/2024\/12\/BiAF-1536x1029.jpg 1536w, https:\/\/mastersofrealism.com\/wp-content\/uploads\/2024\/12\/BiAF-2048x1372.jpg 2048w\" sizes=\"(max-width: 1024px) 100vw, 1024px\" \/>\t\t\t\t\t\t\t\t<\/a>\n\t\t\t\t\t\t\t\t\t\t\t\t\t\t\t<\/div>\n\t\t\t\t<\/div>\n\t\t\t\t<div class=\"elementor-element elementor-element-67ce8ea elementor-widget elementor-widget-text-editor\" data-id=\"67ce8ea\" data-element_type=\"widget\" data-e-type=\"widget\" data-widget_type=\"text-editor.default\">\n\t\t\t\t<div class=\"elementor-widget-container\">\n\t\t\t\t\t\t\t\t\t<h2>Beteiligen Sie sich mit Ihrem eigenen Stand!<\/h2><p>Als Masters k\u00f6nnen Sie auch mit einem eigenen Stand an der <em>internationalen belgischen Kunstmesse<\/em> teilnehmen. Sie genie\u00dfen die folgenden Vorteile: <\/p><ul><li>direktes positives Urteilsverm\u00f6gen<\/li><li>30% Rabatt auf Ihre gesamten Teilnahmekosten<\/li><\/ul><div>Sie k\u00f6nnen sich \u00fcber die Schaltfl\u00e4che unten f\u00fcr einen Stand anmelden. Der Rabatt wird direkt mit dem Code <b>mvhr25<\/b> angewendet. <\/div>\t\t\t\t\t\t\t\t<\/div>\n\t\t\t\t<\/div>\n\t\t\t\t<div class=\"elementor-element elementor-element-64b9945 elementor-align-center elementor-widget elementor-widget-button\" data-id=\"64b9945\" data-element_type=\"widget\" data-e-type=\"widget\" data-widget_type=\"button.default\">\n\t\t\t\t<div class=\"elementor-widget-container\">\n\t\t\t\t\t\t\t\t\t<div class=\"elementor-button-wrapper\">\n\t\t\t\t\t<a class=\"elementor-button elementor-button-link elementor-size-sm\" href=\"https:\/\/biaf.be\/deelnemen\/\" target=\"_blank\">\n\t\t\t\t\t\t<span class=\"elementor-button-content-wrapper\">\n\t\t\t\t\t\t\t\t\t<span class=\"elementor-button-text\">Anmeldung f\u00fcr Ihren eigenen Stand<\/span>\n\t\t\t\t\t<\/span>\n\t\t\t\t\t<\/a>\n\t\t\t\t<\/div>\n\t\t\t\t\t\t\t\t<\/div>\n\t\t\t\t<\/div>\n\t\t\t\t<\/div>\n\t\t\t\t\t<\/div>\n\t\t\t\t<\/div>\n\t\t<div class=\"elementor-element elementor-element-16ffa56 e-flex e-con-boxed e-con e-parent\" data-id=\"16ffa56\" data-element_type=\"container\" data-e-type=\"container\" data-settings=\"{&quot;jet_parallax_layout_list&quot;:[]}\">\n\t\t\t\t\t<div class=\"e-con-inner\">\n\t\t\t\t<div class=\"elementor-element elementor-element-095be26 elementor-widget elementor-widget-shortcode\" data-id=\"095be26\" data-element_type=\"widget\" data-e-type=\"widget\" data-widget_type=\"shortcode.default\">\n\t\t\t\t<div class=\"elementor-widget-container\">\n\t\t\t\t\t\t\t<div class=\"elementor-shortcode\"><\/div>\n\t\t\t\t\t\t<\/div>\n\t\t\t\t<\/div>\n\t\t\t\t\t<\/div>\n\t\t\t\t<\/div>\n\t\t\t\t<\/div>\n\t\t","protected":false},"excerpt":{"rendered":"<p>Jedes Jahr haben Sie als Masters of Realism die M\u00f6glichkeit, kostenlos mit 1 Meter Wandfl\u00e4che an einer der Kunstmessen teilzunehmen, auf denen die Masters einen Gemeinschaftsstand haben. Dazu geh\u00f6rt im Jahr 2025 die Belgian International Art Fair in Antwerpen am 11. und 12. Oktober. Sie k\u00f6nnen sich daf\u00fcr mit dem untenstehenden Formular anmelden. Wenn Sie [&hellip;]<\/p>\n","protected":false},"author":57,"featured_media":0,"parent":0,"menu_order":0,"comment_status":"closed","ping_status":"closed","template":"full-width.php","meta":{"_acf_changed":false,"footnotes":""},"class_list":["post-15516","page","type-page","status-publish","hentry"],"acf":[],"yoast_head":"<!-- This site is optimized with the Yoast SEO plugin v27.2 - https:\/\/yoast.com\/product\/yoast-seo-wordpress\/ -->\n<title>Registrieren Sie sich f\u00fcr die Belgian International Art Fair 2025 - Masters of Realism<\/title>\n<meta name=\"robots\" content=\"noindex, nofollow\" \/>\n<meta property=\"og:locale\" content=\"de_DE\" \/>\n<meta property=\"og:type\" content=\"article\" \/>\n<meta property=\"og:title\" content=\"Registrieren Sie sich f\u00fcr die Belgian International Art Fair 2025 - Masters of Realism\" \/>\n<meta property=\"og:description\" content=\"Jedes Jahr haben Sie als Masters of Realism die M\u00f6glichkeit, kostenlos mit 1 Meter Wandfl\u00e4che an einer der Kunstmessen teilzunehmen, auf denen die Masters einen Gemeinschaftsstand haben. Dazu geh\u00f6rt im Jahr 2025 die Belgian International Art Fair in Antwerpen am 11. und 12. Oktober. Sie k\u00f6nnen sich daf\u00fcr mit dem untenstehenden Formular anmelden. Wenn Sie [&hellip;]\" \/>\n<meta property=\"og:url\" content=\"https:\/\/mastersofrealism.com\/de\/registrieren-sie-sich-fuer-die-belgian-international-art-fair-2025\/\" \/>\n<meta property=\"og:site_name\" content=\"Masters of Realism\" \/>\n<meta property=\"article:modified_time\" content=\"2026-02-23T13:55:51+00:00\" \/>\n<meta property=\"og:image\" content=\"https:\/\/mastersofrealism.com\/wp-content\/uploads\/2024\/12\/BiAF-scaled.jpg\" \/>\n\t<meta property=\"og:image:width\" content=\"2560\" \/>\n\t<meta property=\"og:image:height\" content=\"1714\" \/>\n\t<meta property=\"og:image:type\" content=\"image\/jpeg\" \/>\n<meta name=\"twitter:card\" content=\"summary_large_image\" \/>\n<meta name=\"twitter:label1\" content=\"Gesch\u00e4tzte Lesezeit\" \/>\n\t<meta name=\"twitter:data1\" content=\"2\u00a0Minute\" \/>\n<script type=\"application\/ld+json\" class=\"yoast-schema-graph\">{\"@context\":\"https:\/\/schema.org\",\"@graph\":[{\"@type\":\"WebPage\",\"@id\":\"https:\/\/mastersofrealism.com\/de\/registrieren-sie-sich-fuer-die-belgian-international-art-fair-2025\/\",\"url\":\"https:\/\/mastersofrealism.com\/de\/registrieren-sie-sich-fuer-die-belgian-international-art-fair-2025\/\",\"name\":\"Registrieren Sie sich f\u00fcr die Belgian International Art Fair 2025 - Masters of Realism\",\"isPartOf\":{\"@id\":\"https:\/\/mastersofrealism.com\/#website\"},\"primaryImageOfPage\":{\"@id\":\"https:\/\/mastersofrealism.com\/de\/registrieren-sie-sich-fuer-die-belgian-international-art-fair-2025\/#primaryimage\"},\"image\":{\"@id\":\"https:\/\/mastersofrealism.com\/de\/registrieren-sie-sich-fuer-die-belgian-international-art-fair-2025\/#primaryimage\"},\"thumbnailUrl\":\"https:\/\/mastersofrealism.com\/wp-content\/uploads\/2024\/12\/BiAF-1024x686.jpg\",\"datePublished\":\"2025-01-10T16:49:16+00:00\",\"dateModified\":\"2026-02-23T13:55:51+00:00\",\"breadcrumb\":{\"@id\":\"https:\/\/mastersofrealism.com\/de\/registrieren-sie-sich-fuer-die-belgian-international-art-fair-2025\/#breadcrumb\"},\"inLanguage\":\"de\",\"potentialAction\":[{\"@type\":\"ReadAction\",\"target\":[\"https:\/\/mastersofrealism.com\/de\/registrieren-sie-sich-fuer-die-belgian-international-art-fair-2025\/\"]}]},{\"@type\":\"ImageObject\",\"inLanguage\":\"de\",\"@id\":\"https:\/\/mastersofrealism.com\/de\/registrieren-sie-sich-fuer-die-belgian-international-art-fair-2025\/#primaryimage\",\"url\":\"https:\/\/mastersofrealism.com\/wp-content\/uploads\/2024\/12\/BiAF-1024x686.jpg\",\"contentUrl\":\"https:\/\/mastersofrealism.com\/wp-content\/uploads\/2024\/12\/BiAF-1024x686.jpg\"},{\"@type\":\"BreadcrumbList\",\"@id\":\"https:\/\/mastersofrealism.com\/de\/registrieren-sie-sich-fuer-die-belgian-international-art-fair-2025\/#breadcrumb\",\"itemListElement\":[{\"@type\":\"ListItem\",\"position\":1,\"name\":\"Home\",\"item\":\"https:\/\/mastersofrealism.com\/de\/home\/\"},{\"@type\":\"ListItem\",\"position\":2,\"name\":\"Registrieren Sie sich f\u00fcr die Belgian International Art Fair 2025\"}]},{\"@type\":\"WebSite\",\"@id\":\"https:\/\/mastersofrealism.com\/#website\",\"url\":\"https:\/\/mastersofrealism.com\/\",\"name\":\"Masters of Realism\",\"description\":\"\",\"publisher\":{\"@id\":\"https:\/\/mastersofrealism.com\/#organization\"},\"potentialAction\":[{\"@type\":\"SearchAction\",\"target\":{\"@type\":\"EntryPoint\",\"urlTemplate\":\"https:\/\/mastersofrealism.com\/?s={search_term_string}\"},\"query-input\":{\"@type\":\"PropertyValueSpecification\",\"valueRequired\":true,\"valueName\":\"search_term_string\"}}],\"inLanguage\":\"de\"},{\"@type\":\"Organization\",\"@id\":\"https:\/\/mastersofrealism.com\/#organization\",\"name\":\"Masters of Realism\",\"url\":\"https:\/\/mastersofrealism.com\/\",\"logo\":{\"@type\":\"ImageObject\",\"inLanguage\":\"de\",\"@id\":\"https:\/\/mastersofrealism.com\/#\/schema\/logo\/image\/\",\"url\":\"https:\/\/mastersofrealism.com\/wp-content\/uploads\/2023\/11\/cropped-Logo-meesters-van-het-realisme-1-e1701774067476.png\",\"contentUrl\":\"https:\/\/mastersofrealism.com\/wp-content\/uploads\/2023\/11\/cropped-Logo-meesters-van-het-realisme-1-e1701774067476.png\",\"width\":506,\"height\":318,\"caption\":\"Masters of Realism\"},\"image\":{\"@id\":\"https:\/\/mastersofrealism.com\/#\/schema\/logo\/image\/\"}}]}<\/script>\n<!-- \/ Yoast SEO plugin. -->","yoast_head_json":{"title":"Registrieren Sie sich f\u00fcr die Belgian International Art Fair 2025 - Masters of Realism","robots":{"index":"noindex","follow":"nofollow"},"og_locale":"de_DE","og_type":"article","og_title":"Registrieren Sie sich f\u00fcr die Belgian International Art Fair 2025 - Masters of Realism","og_description":"Jedes Jahr haben Sie als Masters of Realism die M\u00f6glichkeit, kostenlos mit 1 Meter Wandfl\u00e4che an einer der Kunstmessen teilzunehmen, auf denen die Masters einen Gemeinschaftsstand haben. Dazu geh\u00f6rt im Jahr 2025 die Belgian International Art Fair in Antwerpen am 11. und 12. Oktober. Sie k\u00f6nnen sich daf\u00fcr mit dem untenstehenden Formular anmelden. Wenn Sie [&hellip;]","og_url":"https:\/\/mastersofrealism.com\/de\/registrieren-sie-sich-fuer-die-belgian-international-art-fair-2025\/","og_site_name":"Masters of Realism","article_modified_time":"2026-02-23T13:55:51+00:00","og_image":[{"width":2560,"height":1714,"url":"https:\/\/mastersofrealism.com\/wp-content\/uploads\/2024\/12\/BiAF-scaled.jpg","type":"image\/jpeg"}],"twitter_card":"summary_large_image","twitter_misc":{"Gesch\u00e4tzte Lesezeit":"2\u00a0Minute"},"schema":{"@context":"https:\/\/schema.org","@graph":[{"@type":"WebPage","@id":"https:\/\/mastersofrealism.com\/de\/registrieren-sie-sich-fuer-die-belgian-international-art-fair-2025\/","url":"https:\/\/mastersofrealism.com\/de\/registrieren-sie-sich-fuer-die-belgian-international-art-fair-2025\/","name":"Registrieren Sie sich f\u00fcr die Belgian International Art Fair 2025 - Masters of Realism","isPartOf":{"@id":"https:\/\/mastersofrealism.com\/#website"},"primaryImageOfPage":{"@id":"https:\/\/mastersofrealism.com\/de\/registrieren-sie-sich-fuer-die-belgian-international-art-fair-2025\/#primaryimage"},"image":{"@id":"https:\/\/mastersofrealism.com\/de\/registrieren-sie-sich-fuer-die-belgian-international-art-fair-2025\/#primaryimage"},"thumbnailUrl":"https:\/\/mastersofrealism.com\/wp-content\/uploads\/2024\/12\/BiAF-1024x686.jpg","datePublished":"2025-01-10T16:49:16+00:00","dateModified":"2026-02-23T13:55:51+00:00","breadcrumb":{"@id":"https:\/\/mastersofrealism.com\/de\/registrieren-sie-sich-fuer-die-belgian-international-art-fair-2025\/#breadcrumb"},"inLanguage":"de","potentialAction":[{"@type":"ReadAction","target":["https:\/\/mastersofrealism.com\/de\/registrieren-sie-sich-fuer-die-belgian-international-art-fair-2025\/"]}]},{"@type":"ImageObject","inLanguage":"de","@id":"https:\/\/mastersofrealism.com\/de\/registrieren-sie-sich-fuer-die-belgian-international-art-fair-2025\/#primaryimage","url":"https:\/\/mastersofrealism.com\/wp-content\/uploads\/2024\/12\/BiAF-1024x686.jpg","contentUrl":"https:\/\/mastersofrealism.com\/wp-content\/uploads\/2024\/12\/BiAF-1024x686.jpg"},{"@type":"BreadcrumbList","@id":"https:\/\/mastersofrealism.com\/de\/registrieren-sie-sich-fuer-die-belgian-international-art-fair-2025\/#breadcrumb","itemListElement":[{"@type":"ListItem","position":1,"name":"Home","item":"https:\/\/mastersofrealism.com\/de\/home\/"},{"@type":"ListItem","position":2,"name":"Registrieren Sie sich f\u00fcr die Belgian International Art Fair 2025"}]},{"@type":"WebSite","@id":"https:\/\/mastersofrealism.com\/#website","url":"https:\/\/mastersofrealism.com\/","name":"Masters of Realism","description":"","publisher":{"@id":"https:\/\/mastersofrealism.com\/#organization"},"potentialAction":[{"@type":"SearchAction","target":{"@type":"EntryPoint","urlTemplate":"https:\/\/mastersofrealism.com\/?s={search_term_string}"},"query-input":{"@type":"PropertyValueSpecification","valueRequired":true,"valueName":"search_term_string"}}],"inLanguage":"de"},{"@type":"Organization","@id":"https:\/\/mastersofrealism.com\/#organization","name":"Masters of Realism","url":"https:\/\/mastersofrealism.com\/","logo":{"@type":"ImageObject","inLanguage":"de","@id":"https:\/\/mastersofrealism.com\/#\/schema\/logo\/image\/","url":"https:\/\/mastersofrealism.com\/wp-content\/uploads\/2023\/11\/cropped-Logo-meesters-van-het-realisme-1-e1701774067476.png","contentUrl":"https:\/\/mastersofrealism.com\/wp-content\/uploads\/2023\/11\/cropped-Logo-meesters-van-het-realisme-1-e1701774067476.png","width":506,"height":318,"caption":"Masters of Realism"},"image":{"@id":"https:\/\/mastersofrealism.com\/#\/schema\/logo\/image\/"}}]}},"_links":{"self":[{"href":"https:\/\/mastersofrealism.com\/de\/wp-json\/wp\/v2\/pages\/15516","targetHints":{"allow":["GET"]}}],"collection":[{"href":"https:\/\/mastersofrealism.com\/de\/wp-json\/wp\/v2\/pages"}],"about":[{"href":"https:\/\/mastersofrealism.com\/de\/wp-json\/wp\/v2\/types\/page"}],"author":[{"embeddable":true,"href":"https:\/\/mastersofrealism.com\/de\/wp-json\/wp\/v2\/users\/57"}],"replies":[{"embeddable":true,"href":"https:\/\/mastersofrealism.com\/de\/wp-json\/wp\/v2\/comments?post=15516"}],"version-history":[{"count":1,"href":"https:\/\/mastersofrealism.com\/de\/wp-json\/wp\/v2\/pages\/15516\/revisions"}],"predecessor-version":[{"id":15520,"href":"https:\/\/mastersofrealism.com\/de\/wp-json\/wp\/v2\/pages\/15516\/revisions\/15520"}],"wp:attachment":[{"href":"https:\/\/mastersofrealism.com\/de\/wp-json\/wp\/v2\/media?parent=15516"}],"curies":[{"name":"wp","href":"https:\/\/api.w.org\/{rel}","templated":true}]}}