{"id":15763,"date":"2025-01-10T16:58:57","date_gmt":"2025-01-10T15:58:57","guid":{"rendered":"https:\/\/mastersofrealism.com\/inscrivez-vous-a-europartfair-2025\/"},"modified":"2026-02-23T14:57:49","modified_gmt":"2026-02-23T13:57:49","slug":"inscrivez-vous-a-europartfair-2025","status":"publish","type":"page","link":"https:\/\/mastersofrealism.com\/fr\/inscrivez-vous-a-europartfair-2025\/","title":{"rendered":"Inscrivez-vous \u00e0 EuropArtFair 2025"},"content":{"rendered":"\t\t<div data-elementor-type=\"wp-page\" data-elementor-id=\"15763\" class=\"elementor elementor-15763 elementor-10176\" data-elementor-post-type=\"page\">\n\t\t\t\t\t\t<section class=\"elementor-section elementor-top-section elementor-element elementor-element-74c3de8d elementor-section-boxed elementor-section-height-default elementor-section-height-default\" data-id=\"74c3de8d\" data-element_type=\"section\" data-e-type=\"section\" data-settings=\"{&quot;jet_parallax_layout_list&quot;:[{&quot;jet_parallax_layout_image&quot;:{&quot;url&quot;:&quot;&quot;,&quot;id&quot;:&quot;&quot;,&quot;size&quot;:&quot;&quot;},&quot;_id&quot;:&quot;5b6044a&quot;,&quot;jet_parallax_layout_image_tablet&quot;:{&quot;url&quot;:&quot;&quot;,&quot;id&quot;:&quot;&quot;,&quot;size&quot;:&quot;&quot;},&quot;jet_parallax_layout_image_mobile&quot;:{&quot;url&quot;:&quot;&quot;,&quot;id&quot;:&quot;&quot;,&quot;size&quot;:&quot;&quot;},&quot;jet_parallax_layout_speed&quot;:{&quot;unit&quot;:&quot;%&quot;,&quot;size&quot;:50,&quot;sizes&quot;:[]},&quot;jet_parallax_layout_type&quot;:&quot;scroll&quot;,&quot;jet_parallax_layout_direction&quot;:&quot;1&quot;,&quot;jet_parallax_layout_fx_direction&quot;:null,&quot;jet_parallax_layout_z_index&quot;:&quot;&quot;,&quot;jet_parallax_layout_bg_x&quot;:50,&quot;jet_parallax_layout_bg_x_tablet&quot;:&quot;&quot;,&quot;jet_parallax_layout_bg_x_mobile&quot;:&quot;&quot;,&quot;jet_parallax_layout_bg_y&quot;:50,&quot;jet_parallax_layout_bg_y_tablet&quot;:&quot;&quot;,&quot;jet_parallax_layout_bg_y_mobile&quot;:&quot;&quot;,&quot;jet_parallax_layout_bg_size&quot;:&quot;auto&quot;,&quot;jet_parallax_layout_bg_size_tablet&quot;:&quot;&quot;,&quot;jet_parallax_layout_bg_size_mobile&quot;:&quot;&quot;,&quot;jet_parallax_layout_animation_prop&quot;:&quot;transform&quot;,&quot;jet_parallax_layout_on&quot;:[&quot;desktop&quot;,&quot;tablet&quot;]}],&quot;background_background&quot;:&quot;classic&quot;}\">\n\t\t\t\t\t\t<div class=\"elementor-container elementor-column-gap-no\">\n\t\t\t\t\t<div class=\"elementor-column elementor-col-100 elementor-top-column elementor-element elementor-element-33fb6b5\" data-id=\"33fb6b5\" data-element_type=\"column\" data-e-type=\"column\">\n\t\t\t<div class=\"elementor-widget-wrap elementor-element-populated\">\n\t\t\t\t\t\t<div class=\"elementor-element elementor-element-57e0187f elementor-widget elementor-widget-heading\" data-id=\"57e0187f\" data-element_type=\"widget\" data-e-type=\"widget\" data-widget_type=\"heading.default\">\n\t\t\t\t<div class=\"elementor-widget-container\">\n\t\t\t\t\t<h1 class=\"elementor-heading-title elementor-size-default\">Inscrivez-vous \u00e0 EuropArtFair 2025<\/h1>\t\t\t\t<\/div>\n\t\t\t\t<\/div>\n\t\t\t\t\t<\/div>\n\t\t<\/div>\n\t\t\t\t\t<\/div>\n\t\t<\/section>\n\t\t<div class=\"elementor-element elementor-element-16213d0 e-flex e-con-boxed e-con e-parent\" data-id=\"16213d0\" data-element_type=\"container\" data-e-type=\"container\" data-settings=\"{&quot;jet_parallax_layout_list&quot;:[]}\">\n\t\t\t\t\t<div class=\"e-con-inner\">\n\t\t\t\t<div class=\"elementor-element elementor-element-9f8e758 elementor-widget elementor-widget-text-editor\" data-id=\"9f8e758\" data-element_type=\"widget\" data-e-type=\"widget\" data-widget_type=\"text-editor.default\">\n\t\t\t\t<div class=\"elementor-widget-container\">\n\t\t\t\t\t\t\t\t\t<h4><strong>Chaque ann\u00e9e, en tant que <em>Master of Realism<\/em>, vous avez l&rsquo;occasion de participer gratuitement avec 1 m\u00e8tre d&rsquo;espace mural \u00e0 l&rsquo;une des foires d&rsquo;art o\u00f9 les Masters ont un stand commun.  <\/strong><\/h4><h4>En 2025, cela inclut la foire EuropArtFair au MECC Maastricht (13-14 septembre). Vous pouvez vous inscrire en utilisant le formulaire ci-dessous. <\/h4><h4><span style=\"caret-color: #000000; color: #000000; text-align: var(--text-align);\">Si vous pr\u00e9f\u00e9rez participer \u00e0 la Belgian International Art Fair \u00e0 Anvers les 11 et 12 octobre,<\/span><span style=\"caret-color: #000000; color: #000000; text-align: var(--text-align);\"> <\/span><a href=\"https:\/\/mastersofrealism.com\/register-for-the-belgian-international-art-fair-2025\/\" target=\"_blank\" rel=\"noopener\">cliquez ici<\/a><span style=\"caret-color: #000000; color: #000000; text-align: var(--text-align);\">.<\/span><\/h4>\t\t\t\t\t\t\t\t<\/div>\n\t\t\t\t<\/div>\n\t\t\t\t\t<\/div>\n\t\t\t\t<\/div>\n\t\t<div class=\"elementor-element elementor-element-dcc628b e-flex e-con-boxed e-con e-parent\" data-id=\"dcc628b\" data-element_type=\"container\" data-e-type=\"container\" data-settings=\"{&quot;jet_parallax_layout_list&quot;:[]}\">\n\t\t\t\t\t<div class=\"e-con-inner\">\n\t\t<div class=\"elementor-element elementor-element-2dae0c0 e-con-full e-flex e-con e-child\" data-id=\"2dae0c0\" data-element_type=\"container\" data-e-type=\"container\" data-settings=\"{&quot;jet_parallax_layout_list&quot;:[]}\">\n\t\t\t\t<div class=\"elementor-element elementor-element-2f7830f elementor-widget elementor-widget-text-editor\" data-id=\"2f7830f\" data-element_type=\"widget\" data-e-type=\"widget\" data-widget_type=\"text-editor.default\">\n\t\t\t\t<div class=\"elementor-widget-container\">\n\t\t\t\t\t\t\t\t\t<p>La participation est garantie dans la mesure o\u00f9 le stand des Masters a de la place (full = complet). L&rsquo;inscription \u00e0 la participation n&rsquo;est possible qu&rsquo;en utilisant le formulaire d&rsquo;inscription ci-dessous. La participation n&rsquo;est d\u00e9finitive qu&rsquo;apr\u00e8s confirmation de la participation par l&rsquo;organisation de l&rsquo;exposition concern\u00e9e ou l&rsquo;organisation des <em>Masters of Realism<\/em>.  <\/p>\t\t\t\t\t\t\t\t<\/div>\n\t\t\t\t<\/div>\n\t\t\t\t<div class=\"elementor-element elementor-element-7ac978b elementor-widget elementor-widget-text-editor\" data-id=\"7ac978b\" data-element_type=\"widget\" data-e-type=\"widget\" data-widget_type=\"text-editor.default\">\n\t\t\t\t<div class=\"elementor-widget-container\">\n\t\t\t\t\t\t\t\t\t<p>Voici les r\u00e8gles de participation par m\u00e8tre de mur* :<\/p><ul style=\"font-weight: 400;\"><li>1 m\u00e8tre de mur comprend 1 spot et l&rsquo;assurance ;<\/li><li>un maximum d&rsquo;une \u0153uvre d&rsquo;art de 90 cm de large (y compris le cadre) ;<\/li><li>ou un maximum de deux \u0153uvres c\u00f4te \u00e0 c\u00f4te d&rsquo;une largeur totale maximale de 80 cm (cadre compris) (avec environ 10 cm entre les deux) ;<\/li><li>ou un maximum de deux \u0153uvres l&rsquo;une en dessous de l&rsquo;autre, chacune ayant une hauteur maximale de 40 cm et une largeur maximale de 90 cm (cadre compris).<\/li><\/ul><p>* Si vous cr\u00e9ez exclusivement des \u0153uvres de plus d&rsquo;un m\u00e8tre de large, veuillez contacter l&rsquo;organisation : <a href=\"mailto:info@mastersofrealism.com\">info@mastersofrealism.com<\/a><\/p><p>Il est possible de participer avec un m\u00e8tre de mur suppl\u00e9mentaire (maximum 2 m\u00e8tres suppl\u00e9mentaires). L&rsquo;espace d&rsquo;exposition suppl\u00e9mentaire est adjacent au premier m\u00e8tre libre.   <\/p><p><strong>Un m\u00e8tre suppl\u00e9mentaire co\u00fbte 175 \u20ac<\/strong> (hors TVA) et <strong>deux m\u00e8tres suppl\u00e9mentaires co\u00fbtent 325 \u20ac<\/strong> (hors TVA). Les m\u00eames r\u00e8gles s&rsquo;appliquent par m\u00e8tre de mur suppl\u00e9mentaire que celles \u00e9nonc\u00e9es ci-dessus pour le premier m\u00e8tre de mur. <\/p>\t\t\t\t\t\t\t\t<\/div>\n\t\t\t\t<\/div>\n\t\t\t\t<\/div>\n\t\t<div class=\"elementor-element elementor-element-8b7d7b9 e-con-full e-flex e-con e-child\" data-id=\"8b7d7b9\" data-element_type=\"container\" data-e-type=\"container\" data-settings=\"{&quot;jet_parallax_layout_list&quot;:[]}\">\n\t\t\t\t<div class=\"elementor-element elementor-element-4c3fa8e elementor-widget__width-initial elementor-widget elementor-widget-image\" data-id=\"4c3fa8e\" data-element_type=\"widget\" data-e-type=\"widget\" data-widget_type=\"image.default\">\n\t\t\t\t<div class=\"elementor-widget-container\">\n\t\t\t\t\t\t\t\t\t\t\t\t\t\t\t\t<a href=\"https:\/\/europeartfair.nl\/\" target=\"_blank\">\n\t\t\t\t\t\t\t<img fetchpriority=\"high\" decoding=\"async\" width=\"300\" height=\"300\" src=\"https:\/\/mastersofrealism.com\/wp-content\/uploads\/2025\/08\/1000x1000-vierkant-RGB-01-300x300.jpg\" class=\"attachment-medium size-medium wp-image-15764\" alt=\"\" srcset=\"https:\/\/mastersofrealism.com\/wp-content\/uploads\/2025\/08\/1000x1000-vierkant-RGB-01-300x300.jpg 300w, https:\/\/mastersofrealism.com\/wp-content\/uploads\/2025\/08\/1000x1000-vierkant-RGB-01-1024x1024.jpg 1024w, https:\/\/mastersofrealism.com\/wp-content\/uploads\/2025\/08\/1000x1000-vierkant-RGB-01-150x150.jpg 150w, https:\/\/mastersofrealism.com\/wp-content\/uploads\/2025\/08\/1000x1000-vierkant-RGB-01-768x768.jpg 768w, https:\/\/mastersofrealism.com\/wp-content\/uploads\/2025\/08\/1000x1000-vierkant-RGB-01-1536x1536.jpg 1536w, https:\/\/mastersofrealism.com\/wp-content\/uploads\/2025\/08\/1000x1000-vierkant-RGB-01-2048x2048.jpg 2048w, https:\/\/mastersofrealism.com\/wp-content\/uploads\/2025\/08\/1000x1000-vierkant-RGB-01-500x500.jpg 500w\" sizes=\"(max-width: 300px) 100vw, 300px\" \/>\t\t\t\t\t\t\t\t<\/a>\n\t\t\t\t\t\t\t\t\t\t\t\t\t\t\t<\/div>\n\t\t\t\t<\/div>\n\t\t\t\t<div class=\"elementor-element elementor-element-67ce8ea elementor-widget elementor-widget-text-editor\" data-id=\"67ce8ea\" data-element_type=\"widget\" data-e-type=\"widget\" data-widget_type=\"text-editor.default\">\n\t\t\t\t<div class=\"elementor-widget-container\">\n\t\t\t\t\t\t\t\t\t<h2>Participez avec votre propre stand !<\/h2>\n<p>En tant que Masters, vous pouvez \u00e9galement participer \u00e0 l&rsquo;EuropArtFair avec votre propre stand. Vous b\u00e9n\u00e9ficierez des avantages suivants : <\/p>\n<ul>\n<li>jugement positif direct<\/li>\n<li>30% de r\u00e9duction sur vos frais de participation<\/li>\n<\/ul>\n<div>Vous pouvez vous inscrire pour un stand en cliquant sur le bouton ci-dessous. Avec le code &nbsp;<b>mvhr25 <\/b>, la r\u00e9duction sera appliqu\u00e9e directement.<\/div>\t\t\t\t\t\t\t\t<\/div>\n\t\t\t\t<\/div>\n\t\t\t\t<div class=\"elementor-element elementor-element-64b9945 elementor-align-center elementor-widget elementor-widget-button\" data-id=\"64b9945\" data-element_type=\"widget\" data-e-type=\"widget\" data-widget_type=\"button.default\">\n\t\t\t\t<div class=\"elementor-widget-container\">\n\t\t\t\t\t\t\t\t\t<div class=\"elementor-button-wrapper\">\n\t\t\t\t\t<a class=\"elementor-button elementor-button-link elementor-size-sm\" href=\"https:\/\/europeartfair.nl\/aanmelden\/\" target=\"_blank\">\n\t\t\t\t\t\t<span class=\"elementor-button-content-wrapper\">\n\t\t\t\t\t\t\t\t\t<span class=\"elementor-button-text\">Inscrivez-vous pour votre propre stand<\/span>\n\t\t\t\t\t<\/span>\n\t\t\t\t\t<\/a>\n\t\t\t\t<\/div>\n\t\t\t\t\t\t\t\t<\/div>\n\t\t\t\t<\/div>\n\t\t\t\t<\/div>\n\t\t\t\t\t<\/div>\n\t\t\t\t<\/div>\n\t\t<div class=\"elementor-element elementor-element-16ffa56 e-flex e-con-boxed e-con e-parent\" data-id=\"16ffa56\" data-element_type=\"container\" data-e-type=\"container\" data-settings=\"{&quot;jet_parallax_layout_list&quot;:[]}\">\n\t\t\t\t\t<div class=\"e-con-inner\">\n\t\t\t\t<div class=\"elementor-element elementor-element-095be26 elementor-widget elementor-widget-shortcode\" data-id=\"095be26\" data-element_type=\"widget\" data-e-type=\"widget\" data-widget_type=\"shortcode.default\">\n\t\t\t\t<div class=\"elementor-widget-container\">\n\t\t\t\t\t\t\t<div class=\"elementor-shortcode\"><\/div>\n\t\t\t\t\t\t<\/div>\n\t\t\t\t<\/div>\n\t\t\t\t\t<\/div>\n\t\t\t\t<\/div>\n\t\t\t\t<\/div>\n\t\t","protected":false},"excerpt":{"rendered":"<p>Chaque ann\u00e9e, en tant que Master of Realism, vous avez l&rsquo;occasion de participer gratuitement avec 1 m\u00e8tre d&rsquo;espace mural \u00e0 l&rsquo;une des foires d&rsquo;art o\u00f9 les Masters ont un stand commun. En 2025, cela inclut la foire EuropArtFair au MECC Maastricht (13-14 septembre). Vous pouvez vous inscrire en utilisant le formulaire ci-dessous. Si vous pr\u00e9f\u00e9rez [&hellip;]<\/p>\n","protected":false},"author":57,"featured_media":0,"parent":0,"menu_order":0,"comment_status":"closed","ping_status":"closed","template":"full-width.php","meta":{"_acf_changed":false,"footnotes":""},"class_list":["post-15763","page","type-page","status-publish","hentry"],"acf":[],"yoast_head":"<!-- This site is optimized with the Yoast SEO plugin v27.2 - https:\/\/yoast.com\/product\/yoast-seo-wordpress\/ -->\n<title>Inscrivez-vous \u00e0 EuropArtFair 2025 - Masters of Realism<\/title>\n<meta name=\"robots\" content=\"noindex, nofollow\" \/>\n<meta property=\"og:locale\" content=\"fr_FR\" \/>\n<meta property=\"og:type\" content=\"article\" \/>\n<meta property=\"og:title\" content=\"Inscrivez-vous \u00e0 EuropArtFair 2025 - Masters of Realism\" \/>\n<meta property=\"og:description\" content=\"Chaque ann\u00e9e, en tant que Master of Realism, vous avez l&rsquo;occasion de participer gratuitement avec 1 m\u00e8tre d&rsquo;espace mural \u00e0 l&rsquo;une des foires d&rsquo;art o\u00f9 les Masters ont un stand commun. En 2025, cela inclut la foire EuropArtFair au MECC Maastricht (13-14 septembre). Vous pouvez vous inscrire en utilisant le formulaire ci-dessous. Si vous pr\u00e9f\u00e9rez [&hellip;]\" \/>\n<meta property=\"og:url\" content=\"https:\/\/mastersofrealism.com\/fr\/inscrivez-vous-a-europartfair-2025\/\" \/>\n<meta property=\"og:site_name\" content=\"Masters of Realism\" \/>\n<meta property=\"article:modified_time\" content=\"2026-02-23T13:57:49+00:00\" \/>\n<meta property=\"og:image\" content=\"https:\/\/mastersofrealism.com\/wp-content\/uploads\/2025\/08\/1000x1000-vierkant-RGB-01-scaled.jpg\" \/>\n\t<meta property=\"og:image:width\" content=\"2560\" \/>\n\t<meta property=\"og:image:height\" content=\"2560\" \/>\n\t<meta property=\"og:image:type\" content=\"image\/jpeg\" \/>\n<meta name=\"twitter:card\" content=\"summary_large_image\" \/>\n<meta name=\"twitter:label1\" content=\"Dur\u00e9e de lecture estim\u00e9e\" \/>\n\t<meta name=\"twitter:data1\" content=\"2 minutes\" \/>\n<script type=\"application\/ld+json\" class=\"yoast-schema-graph\">{\"@context\":\"https:\/\/schema.org\",\"@graph\":[{\"@type\":\"WebPage\",\"@id\":\"https:\/\/mastersofrealism.com\/fr\/inscrivez-vous-a-europartfair-2025\/\",\"url\":\"https:\/\/mastersofrealism.com\/fr\/inscrivez-vous-a-europartfair-2025\/\",\"name\":\"Inscrivez-vous \u00e0 EuropArtFair 2025 - Masters of Realism\",\"isPartOf\":{\"@id\":\"https:\/\/mastersofrealism.com\/#website\"},\"primaryImageOfPage\":{\"@id\":\"https:\/\/mastersofrealism.com\/fr\/inscrivez-vous-a-europartfair-2025\/#primaryimage\"},\"image\":{\"@id\":\"https:\/\/mastersofrealism.com\/fr\/inscrivez-vous-a-europartfair-2025\/#primaryimage\"},\"thumbnailUrl\":\"https:\/\/mastersofrealism.com\/wp-content\/uploads\/2025\/08\/1000x1000-vierkant-RGB-01-300x300.jpg\",\"datePublished\":\"2025-01-10T15:58:57+00:00\",\"dateModified\":\"2026-02-23T13:57:49+00:00\",\"breadcrumb\":{\"@id\":\"https:\/\/mastersofrealism.com\/fr\/inscrivez-vous-a-europartfair-2025\/#breadcrumb\"},\"inLanguage\":\"fr-FR\",\"potentialAction\":[{\"@type\":\"ReadAction\",\"target\":[\"https:\/\/mastersofrealism.com\/fr\/inscrivez-vous-a-europartfair-2025\/\"]}]},{\"@type\":\"ImageObject\",\"inLanguage\":\"fr-FR\",\"@id\":\"https:\/\/mastersofrealism.com\/fr\/inscrivez-vous-a-europartfair-2025\/#primaryimage\",\"url\":\"https:\/\/mastersofrealism.com\/wp-content\/uploads\/2025\/08\/1000x1000-vierkant-RGB-01-300x300.jpg\",\"contentUrl\":\"https:\/\/mastersofrealism.com\/wp-content\/uploads\/2025\/08\/1000x1000-vierkant-RGB-01-300x300.jpg\"},{\"@type\":\"BreadcrumbList\",\"@id\":\"https:\/\/mastersofrealism.com\/fr\/inscrivez-vous-a-europartfair-2025\/#breadcrumb\",\"itemListElement\":[{\"@type\":\"ListItem\",\"position\":1,\"name\":\"Home\",\"item\":\"https:\/\/mastersofrealism.com\/fr\/home\/\"},{\"@type\":\"ListItem\",\"position\":2,\"name\":\"Inscrivez-vous \u00e0 EuropArtFair 2025\"}]},{\"@type\":\"WebSite\",\"@id\":\"https:\/\/mastersofrealism.com\/#website\",\"url\":\"https:\/\/mastersofrealism.com\/\",\"name\":\"Masters of Realism\",\"description\":\"\",\"publisher\":{\"@id\":\"https:\/\/mastersofrealism.com\/#organization\"},\"potentialAction\":[{\"@type\":\"SearchAction\",\"target\":{\"@type\":\"EntryPoint\",\"urlTemplate\":\"https:\/\/mastersofrealism.com\/?s={search_term_string}\"},\"query-input\":{\"@type\":\"PropertyValueSpecification\",\"valueRequired\":true,\"valueName\":\"search_term_string\"}}],\"inLanguage\":\"fr-FR\"},{\"@type\":\"Organization\",\"@id\":\"https:\/\/mastersofrealism.com\/#organization\",\"name\":\"Masters of Realism\",\"url\":\"https:\/\/mastersofrealism.com\/\",\"logo\":{\"@type\":\"ImageObject\",\"inLanguage\":\"fr-FR\",\"@id\":\"https:\/\/mastersofrealism.com\/#\/schema\/logo\/image\/\",\"url\":\"https:\/\/mastersofrealism.com\/wp-content\/uploads\/2023\/11\/cropped-Logo-meesters-van-het-realisme-1-e1701774067476.png\",\"contentUrl\":\"https:\/\/mastersofrealism.com\/wp-content\/uploads\/2023\/11\/cropped-Logo-meesters-van-het-realisme-1-e1701774067476.png\",\"width\":506,\"height\":318,\"caption\":\"Masters of Realism\"},\"image\":{\"@id\":\"https:\/\/mastersofrealism.com\/#\/schema\/logo\/image\/\"}}]}<\/script>\n<!-- \/ Yoast SEO plugin. -->","yoast_head_json":{"title":"Inscrivez-vous \u00e0 EuropArtFair 2025 - Masters of Realism","robots":{"index":"noindex","follow":"nofollow"},"og_locale":"fr_FR","og_type":"article","og_title":"Inscrivez-vous \u00e0 EuropArtFair 2025 - Masters of Realism","og_description":"Chaque ann\u00e9e, en tant que Master of Realism, vous avez l&rsquo;occasion de participer gratuitement avec 1 m\u00e8tre d&rsquo;espace mural \u00e0 l&rsquo;une des foires d&rsquo;art o\u00f9 les Masters ont un stand commun. En 2025, cela inclut la foire EuropArtFair au MECC Maastricht (13-14 septembre). Vous pouvez vous inscrire en utilisant le formulaire ci-dessous. Si vous pr\u00e9f\u00e9rez [&hellip;]","og_url":"https:\/\/mastersofrealism.com\/fr\/inscrivez-vous-a-europartfair-2025\/","og_site_name":"Masters of Realism","article_modified_time":"2026-02-23T13:57:49+00:00","og_image":[{"width":2560,"height":2560,"url":"https:\/\/mastersofrealism.com\/wp-content\/uploads\/2025\/08\/1000x1000-vierkant-RGB-01-scaled.jpg","type":"image\/jpeg"}],"twitter_card":"summary_large_image","twitter_misc":{"Dur\u00e9e de lecture estim\u00e9e":"2 minutes"},"schema":{"@context":"https:\/\/schema.org","@graph":[{"@type":"WebPage","@id":"https:\/\/mastersofrealism.com\/fr\/inscrivez-vous-a-europartfair-2025\/","url":"https:\/\/mastersofrealism.com\/fr\/inscrivez-vous-a-europartfair-2025\/","name":"Inscrivez-vous \u00e0 EuropArtFair 2025 - Masters of Realism","isPartOf":{"@id":"https:\/\/mastersofrealism.com\/#website"},"primaryImageOfPage":{"@id":"https:\/\/mastersofrealism.com\/fr\/inscrivez-vous-a-europartfair-2025\/#primaryimage"},"image":{"@id":"https:\/\/mastersofrealism.com\/fr\/inscrivez-vous-a-europartfair-2025\/#primaryimage"},"thumbnailUrl":"https:\/\/mastersofrealism.com\/wp-content\/uploads\/2025\/08\/1000x1000-vierkant-RGB-01-300x300.jpg","datePublished":"2025-01-10T15:58:57+00:00","dateModified":"2026-02-23T13:57:49+00:00","breadcrumb":{"@id":"https:\/\/mastersofrealism.com\/fr\/inscrivez-vous-a-europartfair-2025\/#breadcrumb"},"inLanguage":"fr-FR","potentialAction":[{"@type":"ReadAction","target":["https:\/\/mastersofrealism.com\/fr\/inscrivez-vous-a-europartfair-2025\/"]}]},{"@type":"ImageObject","inLanguage":"fr-FR","@id":"https:\/\/mastersofrealism.com\/fr\/inscrivez-vous-a-europartfair-2025\/#primaryimage","url":"https:\/\/mastersofrealism.com\/wp-content\/uploads\/2025\/08\/1000x1000-vierkant-RGB-01-300x300.jpg","contentUrl":"https:\/\/mastersofrealism.com\/wp-content\/uploads\/2025\/08\/1000x1000-vierkant-RGB-01-300x300.jpg"},{"@type":"BreadcrumbList","@id":"https:\/\/mastersofrealism.com\/fr\/inscrivez-vous-a-europartfair-2025\/#breadcrumb","itemListElement":[{"@type":"ListItem","position":1,"name":"Home","item":"https:\/\/mastersofrealism.com\/fr\/home\/"},{"@type":"ListItem","position":2,"name":"Inscrivez-vous \u00e0 EuropArtFair 2025"}]},{"@type":"WebSite","@id":"https:\/\/mastersofrealism.com\/#website","url":"https:\/\/mastersofrealism.com\/","name":"Masters of Realism","description":"","publisher":{"@id":"https:\/\/mastersofrealism.com\/#organization"},"potentialAction":[{"@type":"SearchAction","target":{"@type":"EntryPoint","urlTemplate":"https:\/\/mastersofrealism.com\/?s={search_term_string}"},"query-input":{"@type":"PropertyValueSpecification","valueRequired":true,"valueName":"search_term_string"}}],"inLanguage":"fr-FR"},{"@type":"Organization","@id":"https:\/\/mastersofrealism.com\/#organization","name":"Masters of Realism","url":"https:\/\/mastersofrealism.com\/","logo":{"@type":"ImageObject","inLanguage":"fr-FR","@id":"https:\/\/mastersofrealism.com\/#\/schema\/logo\/image\/","url":"https:\/\/mastersofrealism.com\/wp-content\/uploads\/2023\/11\/cropped-Logo-meesters-van-het-realisme-1-e1701774067476.png","contentUrl":"https:\/\/mastersofrealism.com\/wp-content\/uploads\/2023\/11\/cropped-Logo-meesters-van-het-realisme-1-e1701774067476.png","width":506,"height":318,"caption":"Masters of Realism"},"image":{"@id":"https:\/\/mastersofrealism.com\/#\/schema\/logo\/image\/"}}]}},"_links":{"self":[{"href":"https:\/\/mastersofrealism.com\/fr\/wp-json\/wp\/v2\/pages\/15763","targetHints":{"allow":["GET"]}}],"collection":[{"href":"https:\/\/mastersofrealism.com\/fr\/wp-json\/wp\/v2\/pages"}],"about":[{"href":"https:\/\/mastersofrealism.com\/fr\/wp-json\/wp\/v2\/types\/page"}],"author":[{"embeddable":true,"href":"https:\/\/mastersofrealism.com\/fr\/wp-json\/wp\/v2\/users\/57"}],"replies":[{"embeddable":true,"href":"https:\/\/mastersofrealism.com\/fr\/wp-json\/wp\/v2\/comments?post=15763"}],"version-history":[{"count":1,"href":"https:\/\/mastersofrealism.com\/fr\/wp-json\/wp\/v2\/pages\/15763\/revisions"}],"predecessor-version":[{"id":15766,"href":"https:\/\/mastersofrealism.com\/fr\/wp-json\/wp\/v2\/pages\/15763\/revisions\/15766"}],"wp:attachment":[{"href":"https:\/\/mastersofrealism.com\/fr\/wp-json\/wp\/v2\/media?parent=15763"}],"curies":[{"name":"wp","href":"https:\/\/api.w.org\/{rel}","templated":true}]}}